{"id":457,"date":"2023-05-25T11:58:28","date_gmt":"2023-05-25T09:58:28","guid":{"rendered":"https:\/\/na-bremen.de\/?post_type=angebote&#038;p=457"},"modified":"2026-03-18T14:30:54","modified_gmt":"2026-03-18T13:30:54","slug":"sozial-und-migrationsberatung","status":"publish","type":"angebote","link":"https:\/\/na-bremen.de\/en\/angebote\/sozial-und-migrationsberatung\/","title":{"rendered":"AWO Bremen &#8211; Migrationsberatung f\u00fcr Erwachsene (MBE)"},"content":{"rendered":"\n<p><strong>Antorten auf Ihre Fragen:<\/strong> Wie finde ich eine Wohnung in Bremen oder Umgebung? Wo k\u00f6nnen meine Kinder zur Schule gehen? Wie beantrage ich Asyl?<br><br>Kommen Sie mit Ihren Fragen zu uns. Wir kl\u00e4ren sie im pers\u00f6nlichen Gespr\u00e4ch, per Telefon oder Mail.<br>Au\u00dferdem helfen wir Ihnen beim Ausf\u00fcllen von Formularen oder bereiten Sie auf Amtsbesuche vor.<br><br>Neben der Einzelberatung bieten wir auch verschiedene Kurse und Gruppen, wo sie im Austausch mit anderen ganz praktisch weiterkommen.<br><br>Unsere Migrationsberatung kooperiert mit vielen weiteren Einrichtungen und Diensten in der Stadt \u2013 gerne vermitteln wir Ihnen genau die Unterst\u00fctzung, die Sie gerade brauchen.<br><\/p>\n\n\n\n<p><strong>Was Sie in der Migrationsberatung erwartet:<\/strong><\/p>\n\n\n\n<p>Weitervermittlung zu anderen hilfreichen Einrichtungen und DienstenUnser Ziel ist es, diesen Personenkreis bei der Integration zu begleiten, \u00fcber die Erstberatung hinaus eine erste Orientierung zu vermitteln und Bedarfe festzustellen. Zudem bieten wir individuelle Einzelfallbetreuung f\u00fcr bereits l\u00e4nger in Deutschland lebende Migranten mit besonderem Integrationsbedarf an.<\/p>\n\n\n\n<ul class=\"wp-block-list\">\n<li>Beratung pers\u00f6nlich, per Mail oder Telefon<\/li>\n\n\n\n<li>Rund um Wohnen, Arbeiten, Bildung und Integration<\/li>\n\n\n\n<li>Hilfe bei Formularen und Amtsbesuchen<\/li>\n\n\n\n<li>Weitervermittlung zu anderen hilfreichen Einrichtungen und Diensten<\/li>\n<\/ul>\n\n\n\n<p><\/p>\n\n\n\n<p><strong>Ansprechperson:<\/strong><br>Shadrack Bentil<br>AWO Bremen &#8211; Migrationsberatung f\u00fcr Erwachsene (MBE)<br>Tel: 0421 \/ 98 88 24 11<br>Mobil: 0155\/ 67 02 18 01<br>Mail: shadrack.bentil@awo-bremen.de<br><a href=\"https:\/\/awo-bremen.de\/zugewanderte-gefluechtete\/beratung-begleitung-orientierung\/migrationsberatung-erwachsene\">Weiter zur Internetseite der AWO Bremen MBE<\/a> <\/p>\n\n\n\n<p><strong>Offene Sprechstunde &#8211; ohne Termin<\/strong><br>Jeden Mittwoch von 15:00 &#8211; 17:00 Uhr.<\/p>\n\n\n\n<p><strong>Ort:<\/strong><br>Nachbarschaftshaus Bremen e.V.<br>Beim Ohlenhof 10<br>28239 Bremen<\/p>\n\n\n\n<p><\/p>\n\n\n\n<p><br>Gef\u00f6rdert vom:<\/p>\n\n\n\n<figure class=\"wp-block-image size-large\"><img decoding=\"async\" width=\"1024\" height=\"199\" src=\"https:\/\/na-bremen.de\/wp-content\/uploads\/2023\/05\/Logo-Homepage-gefoerdert-durch1-e1773840401564-1024x199.jpg\" alt=\"\" class=\"wp-image-4099\" srcset=\"https:\/\/na-bremen.de\/wp-content\/uploads\/2023\/05\/Logo-Homepage-gefoerdert-durch1-e1773840401564-1024x199.jpg 1024w, https:\/\/na-bremen.de\/wp-content\/uploads\/2023\/05\/Logo-Homepage-gefoerdert-durch1-e1773840401564-300x58.jpg 300w, https:\/\/na-bremen.de\/wp-content\/uploads\/2023\/05\/Logo-Homepage-gefoerdert-durch1-e1773840401564-768x149.jpg 768w, https:\/\/na-bremen.de\/wp-content\/uploads\/2023\/05\/Logo-Homepage-gefoerdert-durch1-e1773840401564-50x10.jpg 50w, https:\/\/na-bremen.de\/wp-content\/uploads\/2023\/05\/Logo-Homepage-gefoerdert-durch1-e1773840401564.jpg 1286w\" sizes=\"(max-width: 1024px) 100vw, 1024px\" \/><\/figure>\n","protected":false},"excerpt":{"rendered":"<p>Wir beraten erwachsene Menschen mit Migrationshintergrund. Jeden Mittwoch von 15:00-17:00 Uhr im Nachbarschaftshaus.<\/p>\n","protected":false},"author":2,"featured_media":890,"template":"","meta":{"_EventAllDay":false,"_EventTimezone":"","_EventStartDate":"","_EventEndDate":"","_EventStartDateUTC":"","_EventEndDateUTC":"","_EventShowMap":false,"_EventShowMapLink":false,"_EventURL":"","_EventCost":"","_EventCostDescription":"","_EventCurrencySymbol":"","_EventCurrencyCode":"","_EventCurrencyPosition":"","_EventDateTimeSeparator":"","_EventTimeRangeSeparator":"","_EventOrganizerID":[],"_EventVenueID":[],"_OrganizerEmail":"","_OrganizerPhone":"","_OrganizerWebsite":"","_VenueAddress":"","_VenueCity":"","_VenueCountry":"","_VenueProvince":"","_VenueState":"","_VenueZip":"","_VenuePhone":"","_VenueURL":"","_VenueStateProvince":"","_VenueLat":"","_VenueLng":"","_VenueShowMap":false,"_VenueShowMapLink":false,"footnotes":""},"angebotskategorien":[10],"angebotsschlagworte":[],"class_list":["post-457","angebote","type-angebote","status-publish","has-post-thumbnail","hentry","angebotskategorien-unterstuetzung-selbsthilfe"],"translation":{"provider":"WPGlobus","version":"3.0.2","language":"en","enabled_languages":["de","en"],"languages":{"de":{"title":true,"content":true,"excerpt":true},"en":{"title":false,"content":false,"excerpt":false}}},"yoast_head":"<!-- This site is optimized with the Yoast SEO plugin v27.2 - https:\/\/yoast.com\/product\/yoast-seo-wordpress\/ -->\n<title>AWO Bremen - Migrationsberatung f\u00fcr Erwachsene (MBE) - na&#039;<\/title>\n<meta name=\"robots\" content=\"index, follow, max-snippet:-1, max-image-preview:large, max-video-preview:-1\" \/>\n<link rel=\"canonical\" href=\"https:\/\/na-bremen.de\/angebote\/sozial-und-migrationsberatung\/\" \/>\n<meta property=\"og:locale\" content=\"en_US\" \/>\n<meta property=\"og:type\" content=\"article\" \/>\n<meta property=\"og:title\" content=\"AWO Bremen - Migrationsberatung f\u00fcr Erwachsene (MBE) - na&#039;\" \/>\n<meta property=\"og:url\" content=\"https:\/\/na-bremen.de\/angebote\/sozial-und-migrationsberatung\/\" \/>\n<meta property=\"og:site_name\" content=\"na&#039;\" \/>\n<meta property=\"article:modified_time\" content=\"2026-03-18T13:30:54+00:00\" \/>\n<meta property=\"og:image\" content=\"https:\/\/na-bremen.de\/wp-content\/uploads\/2023\/05\/Angebot_Sozial-und-Migrationsberatung.jpg\" \/>\n\t<meta property=\"og:image:width\" content=\"800\" \/>\n\t<meta property=\"og:image:height\" content=\"800\" \/>\n\t<meta property=\"og:image:type\" content=\"image\/jpeg\" \/>\n<meta name=\"twitter:card\" content=\"summary_large_image\" \/>\n<meta name=\"twitter:label1\" content=\"Est. reading time\" \/>\n\t<meta name=\"twitter:data1\" content=\"2 minutes\" \/>\n<script type=\"application\/ld+json\" class=\"yoast-schema-graph\">{\"@context\":\"https:\/\/schema.org\",\"@graph\":[{\"@type\":\"WebPage\",\"@id\":\"https:\/\/na-bremen.de\/angebote\/sozial-und-migrationsberatung\/\",\"url\":\"https:\/\/na-bremen.de\/angebote\/sozial-und-migrationsberatung\/\",\"name\":\"AWO Bremen - Migrationsberatung f\u00fcr Erwachsene (MBE) - na&#039;\",\"isPartOf\":{\"@id\":\"https:\/\/na-bremen.de\/#website\"},\"primaryImageOfPage\":{\"@id\":\"https:\/\/na-bremen.de\/angebote\/sozial-und-migrationsberatung\/#primaryimage\"},\"image\":{\"@id\":\"https:\/\/na-bremen.de\/angebote\/sozial-und-migrationsberatung\/#primaryimage\"},\"thumbnailUrl\":\"https:\/\/na-bremen.de\/wp-content\/uploads\/2023\/05\/Angebot_Sozial-und-Migrationsberatung.jpg\",\"datePublished\":\"2023-05-25T09:58:28+00:00\",\"dateModified\":\"2026-03-18T13:30:54+00:00\",\"description\":\"Die Sozial- und Migrationsberatung unterst\u00fctzt Migranten bei der Integration, bieten Orientierung und individuelle Einzelfallbetreuung.\",\"breadcrumb\":{\"@id\":\"https:\/\/na-bremen.de\/angebote\/sozial-und-migrationsberatung\/#breadcrumb\"},\"inLanguage\":\"en-US\",\"potentialAction\":[{\"@type\":\"ReadAction\",\"target\":[\"https:\/\/na-bremen.de\/angebote\/sozial-und-migrationsberatung\/\"]}]},{\"@type\":\"ImageObject\",\"inLanguage\":\"en-US\",\"@id\":\"https:\/\/na-bremen.de\/angebote\/sozial-und-migrationsberatung\/#primaryimage\",\"url\":\"https:\/\/na-bremen.de\/wp-content\/uploads\/2023\/05\/Angebot_Sozial-und-Migrationsberatung.jpg\",\"contentUrl\":\"https:\/\/na-bremen.de\/wp-content\/uploads\/2023\/05\/Angebot_Sozial-und-Migrationsberatung.jpg\",\"width\":800,\"height\":800,\"caption\":\"(dekorativ) Projekt Sozial- und Migrationsberatung\"},{\"@type\":\"BreadcrumbList\",\"@id\":\"https:\/\/na-bremen.de\/angebote\/sozial-und-migrationsberatung\/#breadcrumb\",\"itemListElement\":[{\"@type\":\"ListItem\",\"position\":1,\"name\":\"Startseite\",\"item\":\"https:\/\/na-bremen.de\/\"},{\"@type\":\"ListItem\",\"position\":2,\"name\":\"Angebote\",\"item\":\"https:\/\/na-bremen.de\/angebote\/\"},{\"@type\":\"ListItem\",\"position\":3,\"name\":\"AWO Bremen &#8211; Migrationsberatung f\u00fcr Erwachsene (MBE)\"}]},{\"@type\":\"WebSite\",\"@id\":\"https:\/\/na-bremen.de\/#website\",\"url\":\"https:\/\/na-bremen.de\/\",\"name\":\"na&#039;\",\"description\":\"neighborhood house Helen Kaisen\",\"publisher\":{\"@id\":\"https:\/\/na-bremen.de\/#organization\"},\"potentialAction\":[{\"@type\":\"SearchAction\",\"target\":{\"@type\":\"EntryPoint\",\"urlTemplate\":\"https:\/\/na-bremen.de\/?s={search_term_string}\"},\"query-input\":{\"@type\":\"PropertyValueSpecification\",\"valueRequired\":true,\"valueName\":\"search_term_string\"}}],\"inLanguage\":\"en-US\"},{\"@type\":\"Organization\",\"@id\":\"https:\/\/na-bremen.de\/#organization\",\"name\":\"Nachbarschaftshaus Helene Kaisen\",\"alternateName\":\"na'\",\"url\":\"https:\/\/na-bremen.de\/\",\"logo\":{\"@type\":\"ImageObject\",\"inLanguage\":\"en-US\",\"@id\":\"https:\/\/na-bremen.de\/#\/schema\/logo\/image\/\",\"url\":\"https:\/\/na-bremen.de\/wp-content\/uploads\/2023\/02\/logo-na.svg\",\"contentUrl\":\"https:\/\/na-bremen.de\/wp-content\/uploads\/2023\/02\/logo-na.svg\",\"width\":75,\"height\":75,\"caption\":\"Nachbarschaftshaus Helene Kaisen\"},\"image\":{\"@id\":\"https:\/\/na-bremen.de\/#\/schema\/logo\/image\/\"}}]}<\/script>\n<!-- \/ Yoast SEO plugin. -->","yoast_head_json":{"title":"AWO Bremen - Migrationsberatung f\u00fcr Erwachsene (MBE) - na&#039;","robots":{"index":"index","follow":"follow","max-snippet":"max-snippet:-1","max-image-preview":"max-image-preview:large","max-video-preview":"max-video-preview:-1"},"canonical":"https:\/\/na-bremen.de\/angebote\/sozial-und-migrationsberatung\/","og_locale":"en_US","og_type":"article","og_title":"AWO Bremen - Migrationsberatung f\u00fcr Erwachsene (MBE) - na&#039;","og_url":"https:\/\/na-bremen.de\/angebote\/sozial-und-migrationsberatung\/","og_site_name":"na&#039;","article_modified_time":"2026-03-18T13:30:54+00:00","og_image":[{"width":800,"height":800,"url":"https:\/\/na-bremen.de\/wp-content\/uploads\/2023\/05\/Angebot_Sozial-und-Migrationsberatung.jpg","type":"image\/jpeg"}],"twitter_card":"summary_large_image","twitter_misc":{"Est. reading time":"2 minutes"},"schema":{"@context":"https:\/\/schema.org","@graph":[{"@type":"WebPage","@id":"https:\/\/na-bremen.de\/angebote\/sozial-und-migrationsberatung\/","url":"https:\/\/na-bremen.de\/angebote\/sozial-und-migrationsberatung\/","name":"AWO Bremen - Migrationsberatung f\u00fcr Erwachsene (MBE) - na&#039;","isPartOf":{"@id":"https:\/\/na-bremen.de\/#website"},"primaryImageOfPage":{"@id":"https:\/\/na-bremen.de\/angebote\/sozial-und-migrationsberatung\/#primaryimage"},"image":{"@id":"https:\/\/na-bremen.de\/angebote\/sozial-und-migrationsberatung\/#primaryimage"},"thumbnailUrl":"https:\/\/na-bremen.de\/wp-content\/uploads\/2023\/05\/Angebot_Sozial-und-Migrationsberatung.jpg","datePublished":"2023-05-25T09:58:28+00:00","dateModified":"2026-03-18T13:30:54+00:00","description":"Die Sozial- und Migrationsberatung unterst\u00fctzt Migranten bei der Integration, bieten Orientierung und individuelle Einzelfallbetreuung.","breadcrumb":{"@id":"https:\/\/na-bremen.de\/angebote\/sozial-und-migrationsberatung\/#breadcrumb"},"inLanguage":"en-US","potentialAction":[{"@type":"ReadAction","target":["https:\/\/na-bremen.de\/angebote\/sozial-und-migrationsberatung\/"]}]},{"@type":"ImageObject","inLanguage":"en-US","@id":"https:\/\/na-bremen.de\/angebote\/sozial-und-migrationsberatung\/#primaryimage","url":"https:\/\/na-bremen.de\/wp-content\/uploads\/2023\/05\/Angebot_Sozial-und-Migrationsberatung.jpg","contentUrl":"https:\/\/na-bremen.de\/wp-content\/uploads\/2023\/05\/Angebot_Sozial-und-Migrationsberatung.jpg","width":800,"height":800,"caption":"(dekorativ) Projekt Sozial- und Migrationsberatung"},{"@type":"BreadcrumbList","@id":"https:\/\/na-bremen.de\/angebote\/sozial-und-migrationsberatung\/#breadcrumb","itemListElement":[{"@type":"ListItem","position":1,"name":"Startseite","item":"https:\/\/na-bremen.de\/"},{"@type":"ListItem","position":2,"name":"Angebote","item":"https:\/\/na-bremen.de\/angebote\/"},{"@type":"ListItem","position":3,"name":"AWO Bremen &#8211; Migrationsberatung f\u00fcr Erwachsene (MBE)"}]},{"@type":"WebSite","@id":"https:\/\/na-bremen.de\/#website","url":"https:\/\/na-bremen.de\/","name":"na&#039;","description":"neighborhood house Helen Kaisen","publisher":{"@id":"https:\/\/na-bremen.de\/#organization"},"potentialAction":[{"@type":"SearchAction","target":{"@type":"EntryPoint","urlTemplate":"https:\/\/na-bremen.de\/?s={search_term_string}"},"query-input":{"@type":"PropertyValueSpecification","valueRequired":true,"valueName":"search_term_string"}}],"inLanguage":"en-US"},{"@type":"Organization","@id":"https:\/\/na-bremen.de\/#organization","name":"Nachbarschaftshaus Helene Kaisen","alternateName":"na'","url":"https:\/\/na-bremen.de\/","logo":{"@type":"ImageObject","inLanguage":"en-US","@id":"https:\/\/na-bremen.de\/#\/schema\/logo\/image\/","url":"https:\/\/na-bremen.de\/wp-content\/uploads\/2023\/02\/logo-na.svg","contentUrl":"https:\/\/na-bremen.de\/wp-content\/uploads\/2023\/02\/logo-na.svg","width":75,"height":75,"caption":"Nachbarschaftshaus Helene Kaisen"},"image":{"@id":"https:\/\/na-bremen.de\/#\/schema\/logo\/image\/"}}]}},"_links":{"self":[{"href":"https:\/\/na-bremen.de\/en\/wp-json\/wp\/v2\/angebote\/457","targetHints":{"allow":["GET"]}}],"collection":[{"href":"https:\/\/na-bremen.de\/en\/wp-json\/wp\/v2\/angebote"}],"about":[{"href":"https:\/\/na-bremen.de\/en\/wp-json\/wp\/v2\/types\/angebote"}],"author":[{"embeddable":true,"href":"https:\/\/na-bremen.de\/en\/wp-json\/wp\/v2\/users\/2"}],"version-history":[{"count":2,"href":"https:\/\/na-bremen.de\/en\/wp-json\/wp\/v2\/angebote\/457\/revisions"}],"predecessor-version":[{"id":4109,"href":"https:\/\/na-bremen.de\/en\/wp-json\/wp\/v2\/angebote\/457\/revisions\/4109"}],"wp:featuredmedia":[{"embeddable":true,"href":"https:\/\/na-bremen.de\/en\/wp-json\/wp\/v2\/media\/890"}],"wp:attachment":[{"href":"https:\/\/na-bremen.de\/en\/wp-json\/wp\/v2\/media?parent=457"}],"wp:term":[{"taxonomy":"angebotskategorien","embeddable":true,"href":"https:\/\/na-bremen.de\/en\/wp-json\/wp\/v2\/angebotskategorien?post=457"},{"taxonomy":"angebotsschlagworte","embeddable":true,"href":"https:\/\/na-bremen.de\/en\/wp-json\/wp\/v2\/angebotsschlagworte?post=457"}],"curies":[{"name":"wp","href":"https:\/\/api.w.org\/{rel}","templated":true}]}}