{"id":603,"date":"2023-07-12T15:04:44","date_gmt":"2023-07-12T13:04:44","guid":{"rendered":"https:\/\/na-bremen.de\/?page_id=603"},"modified":"2025-02-13T14:11:16","modified_gmt":"2025-02-13T13:11:16","slug":"raumnutzung","status":"publish","type":"page","link":"https:\/\/na-bremen.de\/en\/raumnutzung\/","title":{"rendered":"Raumnutzung"},"content":{"rendered":"\n<figure class=\"wp-block-gallery has-nested-images columns-default is-cropped wp-block-gallery-1 is-layout-flex wp-block-gallery-is-layout-flex\">\n<figure class=\"wp-block-image size-large\"><img decoding=\"async\" width=\"768\" height=\"1024\" data-id=\"838\" src=\"https:\/\/na-bremen.de\/wp-content\/uploads\/2023\/07\/Insti_Cafe-768x1024.jpg\" alt=\"\" class=\"wp-image-838\" srcset=\"https:\/\/na-bremen.de\/wp-content\/uploads\/2023\/07\/Insti_Cafe-768x1024.jpg 768w, https:\/\/na-bremen.de\/wp-content\/uploads\/2023\/07\/Insti_Cafe-225x300.jpg 225w, https:\/\/na-bremen.de\/wp-content\/uploads\/2023\/07\/Insti_Cafe-1152x1536.jpg 1152w, https:\/\/na-bremen.de\/wp-content\/uploads\/2023\/07\/Insti_Cafe.jpg 1440w\" sizes=\"(max-width: 768px) 100vw, 768px\" \/><\/figure>\n\n\n\n<figure class=\"wp-block-image size-large is-style-default\"><img decoding=\"async\" width=\"1024\" height=\"768\" data-id=\"840\" src=\"https:\/\/na-bremen.de\/wp-content\/uploads\/2023\/07\/Saal_Vortrag-1024x768.jpg\" alt=\"\" class=\"wp-image-840\" srcset=\"https:\/\/na-bremen.de\/wp-content\/uploads\/2023\/07\/Saal_Vortrag-1024x768.jpg 1024w, https:\/\/na-bremen.de\/wp-content\/uploads\/2023\/07\/Saal_Vortrag-300x225.jpg 300w, https:\/\/na-bremen.de\/wp-content\/uploads\/2023\/07\/Saal_Vortrag-768x576.jpg 768w, https:\/\/na-bremen.de\/wp-content\/uploads\/2023\/07\/Saal_Vortrag-1600x1200.jpg 1600w, https:\/\/na-bremen.de\/wp-content\/uploads\/2023\/07\/Saal_Vortrag-1536x1152.jpg 1536w, https:\/\/na-bremen.de\/wp-content\/uploads\/2023\/07\/Saal_Vortrag.jpg 1920w\" sizes=\"(max-width: 1024px) 100vw, 1024px\" \/><\/figure>\n\n\n\n<figure class=\"wp-block-image size-large\"><img decoding=\"async\" width=\"1024\" height=\"768\" data-id=\"841\" src=\"https:\/\/na-bremen.de\/wp-content\/uploads\/2023\/07\/Stuhlreihen-1024x768.jpg\" alt=\"\" class=\"wp-image-841\" srcset=\"https:\/\/na-bremen.de\/wp-content\/uploads\/2023\/07\/Stuhlreihen-1024x768.jpg 1024w, https:\/\/na-bremen.de\/wp-content\/uploads\/2023\/07\/Stuhlreihen-300x225.jpg 300w, https:\/\/na-bremen.de\/wp-content\/uploads\/2023\/07\/Stuhlreihen-768x576.jpg 768w, https:\/\/na-bremen.de\/wp-content\/uploads\/2023\/07\/Stuhlreihen-1600x1200.jpg 1600w, https:\/\/na-bremen.de\/wp-content\/uploads\/2023\/07\/Stuhlreihen-1536x1152.jpg 1536w, https:\/\/na-bremen.de\/wp-content\/uploads\/2023\/07\/Stuhlreihen.jpg 1920w\" sizes=\"(max-width: 1024px) 100vw, 1024px\" \/><\/figure>\n<\/figure>\n\n\n\n<p>Sie sind auf der Suche nach geeigneten R\u00e4umlichkeiten f\u00fcr eine Konferenz, einen Vortrag oder Workshop? Sie haben eine Projektidee und suchen einen Ort, an dem Sie sich regelm\u00e4\u00dfig treffen und als Gruppe organisieren k\u00f6nnen? Wir haben eine Vielzahl an R\u00e4umen und M\u00f6glichkeiten f\u00fcr unterschiedliche Bedarfe.<\/p>\n\n\n\n<p>Stellen Sie hier direkt eine Anfrage und lassen Sie uns die wichtigsten Fakten f\u00fcr Ihre geplante Raumnutzung im Kontaktformular auf dieser Seite zukommen. Wir pr\u00fcfen intern, ob Ihre Rahmenbedingungen bei uns erf\u00fcllt werden k\u00f6nnen und  Ihre Veranstaltung zum gew\u00fcnschten Termin m\u00f6glich ist. Wir melden uns im n\u00e4chsten Schritt bei Ihnen f\u00fcr weitere Absprachen.<\/p>\n\n\n\n<p>Bitte haben Sie Verst\u00e4ndnis, dass wir spontane Vor-Ort-Anfragen nicht beantworten k\u00f6nnen und unbedingt eine Terminvereinbarung stattfinden muss.<\/p>\n\n\n\n<p>Wir freuen uns darauf, Sie bei uns begr\u00fc\u00dfen zu d\u00fcrfen!<\/p>\n\n\n\n<h2 class=\"wp-block-heading\">Anfrage<\/h2>\n\n\n\n<div class=\"wp-block-contact-form-7-contact-form-selector kontaktformular\">\n<div class=\"wpcf7 no-js\" id=\"wpcf7-f617-o1\" lang=\"de-DE\" dir=\"ltr\" data-wpcf7-id=\"617\">\n<div class=\"screen-reader-response\"><p role=\"status\" aria-live=\"polite\" aria-atomic=\"true\"><\/p> <ul><\/ul><\/div>\n<form action=\"\/en\/wp-json\/wp\/v2\/pages\/603#wpcf7-f617-o1\" method=\"post\" class=\"wpcf7-form init wpcf7-acceptance-as-validation\" id=\"kontaktformular\" aria-label=\"Kontaktformular\" novalidate=\"novalidate\" data-status=\"init\">\n<fieldset class=\"hidden-fields-container\"><input type=\"hidden\" name=\"_wpcf7\" value=\"617\" \/><input type=\"hidden\" name=\"_wpcf7_version\" value=\"6.1.5\" \/><input type=\"hidden\" name=\"_wpcf7_locale\" value=\"de_DE\" \/><input type=\"hidden\" name=\"_wpcf7_unit_tag\" value=\"wpcf7-f617-o1\" \/><input type=\"hidden\" name=\"_wpcf7_container_post\" value=\"0\" \/><input type=\"hidden\" name=\"_wpcf7_posted_data_hash\" value=\"\" \/>\n<\/fieldset>\n<!-- Personenbezogene Angaben -->\n<p><label><strong>Ihr Name (Pflichtfeld)<\/strong><br \/>\n<span class=\"wpcf7-form-control-wrap\" data-name=\"your-name\"><input size=\"40\" maxlength=\"400\" class=\"wpcf7-form-control wpcf7-text wpcf7-validates-as-required\" aria-required=\"true\" aria-invalid=\"false\" value=\"\" type=\"text\" name=\"your-name\" \/><\/span><br \/>\n<\/label>\n<\/p>\n<p><label><strong>Telefonnummer (bitte unbedingt angeben, damit wir uns zur\u00fcckmelden k\u00f6nnen)<\/strong><br \/>\n<span class=\"wpcf7-form-control-wrap\" data-name=\"telefon\"><input size=\"40\" maxlength=\"400\" class=\"wpcf7-form-control wpcf7-tel wpcf7-validates-as-required wpcf7-text wpcf7-validates-as-tel\" aria-required=\"true\" aria-invalid=\"false\" value=\"\" type=\"tel\" name=\"telefon\" \/><\/span><br \/>\n<\/label>\n<\/p>\n<p><label><strong>Ihre E-Mail-Adresse (Pflichtfeld)<\/strong><br \/>\n<span class=\"wpcf7-form-control-wrap\" data-name=\"your-email\"><input size=\"40\" maxlength=\"400\" class=\"wpcf7-form-control wpcf7-email wpcf7-validates-as-required wpcf7-text wpcf7-validates-as-email\" aria-required=\"true\" aria-invalid=\"false\" value=\"\" type=\"email\" name=\"your-email\" \/><\/span><br \/>\n<\/label>\n<\/p>\n<p><label><strong>Betreff<\/strong><br \/>\n<span class=\"wpcf7-form-control-wrap\" data-name=\"your-subject\"><input size=\"40\" maxlength=\"400\" class=\"wpcf7-form-control wpcf7-text wpcf7-validates-as-required\" aria-required=\"true\" aria-invalid=\"false\" value=\"\" type=\"text\" name=\"your-subject\" \/><\/span><br \/>\n<\/label>\n<\/p>\n\n<!-- Veranstaltungsart -->\n<fieldset>\n\t<legend><strong>Welche Art Veranstaltung planen Sie?<\/strong>\n\t<\/legend>\n\t<p><span class=\"wpcf7-form-control-wrap\" data-name=\"format\"><span class=\"wpcf7-form-control wpcf7-checkbox wpcf7-validates-as-required\"><span class=\"wpcf7-list-item first\"><label><span class=\"wpcf7-list-item-label\">Seminar<\/span><input type=\"checkbox\" name=\"format[]\" value=\"Seminar\" \/><\/label><\/span><span class=\"wpcf7-list-item\"><label><span class=\"wpcf7-list-item-label\">Konzert<\/span><input type=\"checkbox\" name=\"format[]\" value=\"Konzert\" \/><\/label><\/span><span class=\"wpcf7-list-item\"><label><span class=\"wpcf7-list-item-label\">Workshop<\/span><input type=\"checkbox\" name=\"format[]\" value=\"Workshop\" \/><\/label><\/span><span class=\"wpcf7-list-item\"><label><span class=\"wpcf7-list-item-label\">Feier<\/span><input type=\"checkbox\" name=\"format[]\" value=\"Feier\" \/><\/label><\/span><span class=\"wpcf7-list-item\"><label><span class=\"wpcf7-list-item-label\">Geburtstag<\/span><input type=\"checkbox\" name=\"format[]\" value=\"Geburtstag\" \/><\/label><\/span><span class=\"wpcf7-list-item last\"><label><span class=\"wpcf7-list-item-label\">Sonstiges<\/span><input type=\"checkbox\" name=\"format[]\" value=\"Sonstiges\" \/><\/label><\/span><\/span><\/span>\n\t<\/p>\n<\/fieldset>\n\n<!-- Termine -->\n<fieldset>\n\t<legend><strong>Geplantes Datum (Pflichtfeld)<\/strong>\n\t<\/legend>\n\t<p><label><strong>von<\/strong> <span class=\"wpcf7-form-control-wrap\" data-name=\"datum\"><input class=\"wpcf7-form-control wpcf7-date wpcf7-validates-as-required wpcf7-validates-as-date\" aria-required=\"true\" aria-invalid=\"false\" value=\"\" type=\"date\" name=\"datum\" \/><\/span><\/label><br \/>\n<label><strong>bis<\/strong> <span class=\"wpcf7-form-control-wrap\" data-name=\"datum3\"><input class=\"wpcf7-form-control wpcf7-date wpcf7-validates-as-date\" aria-invalid=\"false\" value=\"\" type=\"date\" name=\"datum3\" \/><\/span><\/label>\n\t<\/p>\n<\/fieldset>\n<p><label><strong>Ausweichtermin<\/strong><br \/>\n<span class=\"wpcf7-form-control-wrap\" data-name=\"datum2\"><input class=\"wpcf7-form-control wpcf7-date wpcf7-validates-as-date\" aria-invalid=\"false\" value=\"\" type=\"date\" name=\"datum2\" \/><\/span><br \/>\n<\/label>\n<\/p>\n\n<!-- Uhrzeit -->\n<fieldset>\n\t<legend><strong>Uhrzeit (Pflichtfeld)<\/strong>\n\t<\/legend>\n\t<p><label><strong>von<\/strong> <span class=\"wpcf7-form-control-wrap\" data-name=\"uhrzeit_von\"><input size=\"40\" maxlength=\"400\" class=\"wpcf7-form-control wpcf7-text wpcf7-validates-as-required\" aria-required=\"true\" aria-invalid=\"false\" value=\"\" type=\"text\" name=\"uhrzeit_von\" \/><\/span><\/label><br \/>\n<label><strong>bis<\/strong> <span class=\"wpcf7-form-control-wrap\" data-name=\"uhrzeit_bis\"><input size=\"40\" maxlength=\"400\" class=\"wpcf7-form-control wpcf7-text wpcf7-validates-as-required\" aria-required=\"true\" aria-invalid=\"false\" value=\"\" type=\"text\" name=\"uhrzeit_bis\" \/><\/span><\/label>\n\t<\/p>\n<\/fieldset>\n<p><label><strong>Anzahl der geplanten Personen (Pflichtfeld)<\/strong><br \/>\n<span class=\"wpcf7-form-control-wrap\" data-name=\"anzahl\"><input class=\"wpcf7-form-control wpcf7-number wpcf7-validates-as-required wpcf7-validates-as-number\" aria-required=\"true\" aria-invalid=\"false\" value=\"\" type=\"number\" name=\"anzahl\" \/><\/span><br \/>\n<\/label>\n<\/p>\n\n<!-- Verpflegung -->\n<fieldset>\n\t<legend><strong>Verpflegung geplant? (Pflichtfeld)<\/strong>\n\t<\/legend>\n\t<p class=\"hint\">Bitte beachten Sie: Die Getr\u00e4nkeabnahme findet ausnahmslos \u00fcber das Haus statt. Eigene Getr\u00e4nke d\u00fcrfen nicht bereitgestellt werden.\n\t<\/p>\n\t<p><span class=\"wpcf7-form-control-wrap\" data-name=\"verpflegung\"><span class=\"wpcf7-form-control wpcf7-checkbox wpcf7-validates-as-required\"><span class=\"wpcf7-list-item first\"><label><span class=\"wpcf7-list-item-label\">Ja<\/span><input type=\"checkbox\" name=\"verpflegung[]\" value=\"Ja\" \/><\/label><\/span><span class=\"wpcf7-list-item last\"><label><span class=\"wpcf7-list-item-label\">Nein<\/span><input type=\"checkbox\" name=\"verpflegung[]\" value=\"Nein\" \/><\/label><\/span><\/span><\/span>\n\t<\/p>\n<\/fieldset>\n\n<!-- Technik -->\n<fieldset>\n\t<legend><strong>Ben\u00f6tigen Sie Veranstaltungstechnik?<\/strong>\n\t<\/legend>\n\t<p><span class=\"wpcf7-form-control-wrap\" data-name=\"veranstaltungstechnik\"><span class=\"wpcf7-form-control wpcf7-checkbox\"><span class=\"wpcf7-list-item first\"><label><span class=\"wpcf7-list-item-label\">Beamer und Leinwand<\/span><input type=\"checkbox\" name=\"veranstaltungstechnik[]\" value=\"Beamer und Leinwand\" \/><\/label><\/span><span class=\"wpcf7-list-item\"><label><span class=\"wpcf7-list-item-label\">Flipchart<\/span><input type=\"checkbox\" name=\"veranstaltungstechnik[]\" value=\"Flipchart\" \/><\/label><\/span><span class=\"wpcf7-list-item\"><label><span class=\"wpcf7-list-item-label\">Pinnwand<\/span><input type=\"checkbox\" name=\"veranstaltungstechnik[]\" value=\"Pinnwand\" \/><\/label><\/span><span class=\"wpcf7-list-item\"><label><span class=\"wpcf7-list-item-label\">Tonanlage<\/span><input type=\"checkbox\" name=\"veranstaltungstechnik[]\" value=\"Tonanlage\" \/><\/label><\/span><span class=\"wpcf7-list-item\"><label><span class=\"wpcf7-list-item-label\">Mikrofon<\/span><input type=\"checkbox\" name=\"veranstaltungstechnik[]\" value=\"Mikrofon\" \/><\/label><\/span><span class=\"wpcf7-list-item last\"><label><span class=\"wpcf7-list-item-label\">Internetanschluss<\/span><input type=\"checkbox\" name=\"veranstaltungstechnik[]\" value=\"Internetanschluss\" \/><\/label><\/span><\/span><\/span>\n\t<\/p>\n<\/fieldset>\n\n<!-- Beschreibungen -->\n<p><label><strong>Kurze Beschreibung der Veranstaltung (grober Programmablauf, Details f\u00fcr Planung). Bei Anfragen f\u00fcr regelm\u00e4\u00dfige Gruppenaktivit\u00e4ten eine Kurzbeschreibung des Projekts \/ der Aktivit\u00e4t. (Pflichtfeld)<\/strong><br \/>\n<span class=\"wpcf7-form-control-wrap\" data-name=\"beschreibung\"><textarea cols=\"40\" rows=\"10\" maxlength=\"2000\" class=\"wpcf7-form-control wpcf7-textarea wpcf7-validates-as-required\" aria-required=\"true\" aria-invalid=\"false\" name=\"beschreibung\"><\/textarea><\/span><br \/>\n<\/label>\n<\/p>\n<p><label><strong>M\u00f6chten Sie uns noch etwas mitteilen? (optional)<\/strong><br \/>\n<span class=\"wpcf7-form-control-wrap\" data-name=\"your-message\"><textarea cols=\"40\" rows=\"10\" maxlength=\"2000\" class=\"wpcf7-form-control wpcf7-textarea\" aria-invalid=\"false\" name=\"your-message\"><\/textarea><\/span><br \/>\n<\/label>\n<\/p>\n\n<!-- Anti-Spam -->\n<p>Wir wollen unerw\u00fcnschte Nachrichten (Spam) verhindern. Bitte beantworten Sie folgende Frage:\n<\/p>\n<p><strong><span class=\"wpcf7-form-control-wrap\" data-name=\"quiz-439\"><label><span class=\"wpcf7-quiz-label\">Welche Farbe hat das Logo von Na&#039;?<\/span> <input size=\"40\" class=\"wpcf7-form-control wpcf7-quiz\" autocomplete=\"off\" aria-required=\"true\" aria-invalid=\"false\" type=\"text\" name=\"quiz-439\" \/><\/label><input type=\"hidden\" name=\"_wpcf7_quiz_answer_quiz-439\" value=\"d976a3b727801269d94e1257d9a83c94\" \/><\/span><\/strong>\n<\/p>\n\n<!-- Datenschutz -->\n<p><span class=\"wpcf7-form-control-wrap\" data-name=\"zustimmung\"><span class=\"wpcf7-form-control wpcf7-acceptance\"><span class=\"wpcf7-list-item\"><label><input type=\"checkbox\" name=\"zustimmung\" value=\"1\" aria-invalid=\"false\" \/><span class=\"wpcf7-list-item-label\">Ja, ich habe die <a href=\"\/datenschutz\" title=\"Datenschutzerkl\u00e4rung\">Datenschutzerkl\u00e4rung<\/a> zur Kenntnis genommen und bin damit einverstanden, dass die von mir angegebenen Daten erhoben und elektronisch verarbeitet werden. Meine Daten werden dabei nur streng zweckgebunden zur Bearbeitung und Beantwortung meiner Anfrage verwendet.<\/span><\/label><\/span><\/span><\/span>\n<\/p>\n<div class=\"fp-readmore\">\n\t<p><input class=\"wpcf7-form-control wpcf7-submit has-spinner\" type=\"submit\" value=\"Senden\" \/>\n\t<\/p>\n<\/div><div class=\"wpcf7-response-output\" aria-hidden=\"true\"><\/div>\n<\/form>\n<\/div>\n<\/div>\n","protected":false},"excerpt":{"rendered":"<p>Sie sind auf der Suche nach geeigneten R\u00e4umlichkeiten f\u00fcr eine Konferenz, einen Vortrag oder Workshop? Sie haben eine Projektidee und suchen einen Ort, an dem Sie sich regelm\u00e4\u00dfig treffen und [&hellip;]<\/p>\n","protected":false},"author":1,"featured_media":0,"parent":0,"menu_order":0,"comment_status":"closed","ping_status":"closed","template":"","meta":{"_EventAllDay":false,"_EventTimezone":"","_EventStartDate":"","_EventEndDate":"","_EventStartDateUTC":"","_EventEndDateUTC":"","_EventShowMap":false,"_EventShowMapLink":false,"_EventURL":"","_EventCost":"","_EventCostDescription":"","_EventCurrencySymbol":"","_EventCurrencyCode":"","_EventCurrencyPosition":"","_EventDateTimeSeparator":"","_EventTimeRangeSeparator":"","_EventOrganizerID":[],"_EventVenueID":[],"_OrganizerEmail":"","_OrganizerPhone":"","_OrganizerWebsite":"","_VenueAddress":"","_VenueCity":"","_VenueCountry":"","_VenueProvince":"","_VenueState":"","_VenueZip":"","_VenuePhone":"","_VenueURL":"","_VenueStateProvince":"","_VenueLat":"","_VenueLng":"","_VenueShowMap":false,"_VenueShowMapLink":false,"footnotes":""},"class_list":["post-603","page","type-page","status-publish","hentry"],"translation":{"provider":"WPGlobus","version":"3.0.2","language":"en","enabled_languages":["de","en"],"languages":{"de":{"title":true,"content":true,"excerpt":false},"en":{"title":false,"content":false,"excerpt":false}}},"yoast_head":"<!-- This site is optimized with the Yoast SEO plugin v27.2 - https:\/\/yoast.com\/product\/yoast-seo-wordpress\/ -->\n<title>Raumnutzung - na&#039;<\/title>\n<meta name=\"robots\" content=\"index, follow, max-snippet:-1, max-image-preview:large, max-video-preview:-1\" \/>\n<link rel=\"canonical\" href=\"https:\/\/na-bremen.de\/raumnutzung\/\" \/>\n<meta property=\"og:locale\" content=\"en_US\" \/>\n<meta property=\"og:type\" content=\"article\" \/>\n<meta property=\"og:title\" content=\"Raumnutzung - na&#039;\" \/>\n<meta property=\"og:url\" content=\"https:\/\/na-bremen.de\/raumnutzung\/\" \/>\n<meta property=\"og:site_name\" content=\"na&#039;\" \/>\n<meta property=\"article:modified_time\" content=\"2025-02-13T13:11:16+00:00\" \/>\n<meta property=\"og:image\" content=\"https:\/\/na-bremen.de\/wp-content\/uploads\/2023\/07\/Insti_Cafe.jpg\" \/>\n\t<meta property=\"og:image:width\" content=\"1440\" \/>\n\t<meta property=\"og:image:height\" content=\"1920\" \/>\n\t<meta property=\"og:image:type\" content=\"image\/jpeg\" \/>\n<meta name=\"twitter:card\" content=\"summary_large_image\" \/>\n<meta name=\"twitter:label1\" content=\"Est. reading time\" \/>\n\t<meta name=\"twitter:data1\" content=\"2 minutes\" \/>\n<script type=\"application\/ld+json\" class=\"yoast-schema-graph\">{\"@context\":\"https:\/\/schema.org\",\"@graph\":[{\"@type\":\"WebPage\",\"@id\":\"https:\/\/na-bremen.de\/raumnutzung\/\",\"url\":\"https:\/\/na-bremen.de\/raumnutzung\/\",\"name\":\"Raumnutzung - na&#039;\",\"isPartOf\":{\"@id\":\"https:\/\/na-bremen.de\/#website\"},\"primaryImageOfPage\":{\"@id\":\"https:\/\/na-bremen.de\/raumnutzung\/#primaryimage\"},\"image\":{\"@id\":\"https:\/\/na-bremen.de\/raumnutzung\/#primaryimage\"},\"thumbnailUrl\":\"https:\/\/na-bremen.de\/wp-content\/uploads\/2023\/07\/Insti_Cafe-768x1024.jpg\",\"datePublished\":\"2023-07-12T13:04:44+00:00\",\"dateModified\":\"2025-02-13T13:11:16+00:00\",\"description\":\"Erfahren Sie mehr \u00fcber die M\u00f6glichkeiten zur Raumnutzung in unserem Haus. Ob f\u00fcr Veranstaltungen, Meetings oder Workshops.\",\"breadcrumb\":{\"@id\":\"https:\/\/na-bremen.de\/raumnutzung\/#breadcrumb\"},\"inLanguage\":\"en-US\",\"potentialAction\":[{\"@type\":\"ReadAction\",\"target\":[\"https:\/\/na-bremen.de\/raumnutzung\/\"]}]},{\"@type\":\"ImageObject\",\"inLanguage\":\"en-US\",\"@id\":\"https:\/\/na-bremen.de\/raumnutzung\/#primaryimage\",\"url\":\"https:\/\/na-bremen.de\/wp-content\/uploads\/2023\/07\/Insti_Cafe-768x1024.jpg\",\"contentUrl\":\"https:\/\/na-bremen.de\/wp-content\/uploads\/2023\/07\/Insti_Cafe-768x1024.jpg\"},{\"@type\":\"BreadcrumbList\",\"@id\":\"https:\/\/na-bremen.de\/raumnutzung\/#breadcrumb\",\"itemListElement\":[{\"@type\":\"ListItem\",\"position\":1,\"name\":\"Startseite\",\"item\":\"https:\/\/na-bremen.de\/\"},{\"@type\":\"ListItem\",\"position\":2,\"name\":\"Raumnutzung\"}]},{\"@type\":\"WebSite\",\"@id\":\"https:\/\/na-bremen.de\/#website\",\"url\":\"https:\/\/na-bremen.de\/\",\"name\":\"na&#039;\",\"description\":\"neighborhood house Helen Kaisen\",\"publisher\":{\"@id\":\"https:\/\/na-bremen.de\/#organization\"},\"potentialAction\":[{\"@type\":\"SearchAction\",\"target\":{\"@type\":\"EntryPoint\",\"urlTemplate\":\"https:\/\/na-bremen.de\/?s={search_term_string}\"},\"query-input\":{\"@type\":\"PropertyValueSpecification\",\"valueRequired\":true,\"valueName\":\"search_term_string\"}}],\"inLanguage\":\"en-US\"},{\"@type\":\"Organization\",\"@id\":\"https:\/\/na-bremen.de\/#organization\",\"name\":\"Nachbarschaftshaus Helene Kaisen\",\"alternateName\":\"na'\",\"url\":\"https:\/\/na-bremen.de\/\",\"logo\":{\"@type\":\"ImageObject\",\"inLanguage\":\"en-US\",\"@id\":\"https:\/\/na-bremen.de\/#\/schema\/logo\/image\/\",\"url\":\"https:\/\/na-bremen.de\/wp-content\/uploads\/2023\/02\/logo-na.svg\",\"contentUrl\":\"https:\/\/na-bremen.de\/wp-content\/uploads\/2023\/02\/logo-na.svg\",\"width\":75,\"height\":75,\"caption\":\"Nachbarschaftshaus Helene Kaisen\"},\"image\":{\"@id\":\"https:\/\/na-bremen.de\/#\/schema\/logo\/image\/\"}}]}<\/script>\n<!-- \/ Yoast SEO plugin. -->","yoast_head_json":{"title":"Raumnutzung - na&#039;","robots":{"index":"index","follow":"follow","max-snippet":"max-snippet:-1","max-image-preview":"max-image-preview:large","max-video-preview":"max-video-preview:-1"},"canonical":"https:\/\/na-bremen.de\/raumnutzung\/","og_locale":"en_US","og_type":"article","og_title":"Raumnutzung - na&#039;","og_url":"https:\/\/na-bremen.de\/raumnutzung\/","og_site_name":"na&#039;","article_modified_time":"2025-02-13T13:11:16+00:00","og_image":[{"width":1440,"height":1920,"url":"https:\/\/na-bremen.de\/wp-content\/uploads\/2023\/07\/Insti_Cafe.jpg","type":"image\/jpeg"}],"twitter_card":"summary_large_image","twitter_misc":{"Est. reading time":"2 minutes"},"schema":{"@context":"https:\/\/schema.org","@graph":[{"@type":"WebPage","@id":"https:\/\/na-bremen.de\/raumnutzung\/","url":"https:\/\/na-bremen.de\/raumnutzung\/","name":"Raumnutzung - na&#039;","isPartOf":{"@id":"https:\/\/na-bremen.de\/#website"},"primaryImageOfPage":{"@id":"https:\/\/na-bremen.de\/raumnutzung\/#primaryimage"},"image":{"@id":"https:\/\/na-bremen.de\/raumnutzung\/#primaryimage"},"thumbnailUrl":"https:\/\/na-bremen.de\/wp-content\/uploads\/2023\/07\/Insti_Cafe-768x1024.jpg","datePublished":"2023-07-12T13:04:44+00:00","dateModified":"2025-02-13T13:11:16+00:00","description":"Erfahren Sie mehr \u00fcber die M\u00f6glichkeiten zur Raumnutzung in unserem Haus. Ob f\u00fcr Veranstaltungen, Meetings oder Workshops.","breadcrumb":{"@id":"https:\/\/na-bremen.de\/raumnutzung\/#breadcrumb"},"inLanguage":"en-US","potentialAction":[{"@type":"ReadAction","target":["https:\/\/na-bremen.de\/raumnutzung\/"]}]},{"@type":"ImageObject","inLanguage":"en-US","@id":"https:\/\/na-bremen.de\/raumnutzung\/#primaryimage","url":"https:\/\/na-bremen.de\/wp-content\/uploads\/2023\/07\/Insti_Cafe-768x1024.jpg","contentUrl":"https:\/\/na-bremen.de\/wp-content\/uploads\/2023\/07\/Insti_Cafe-768x1024.jpg"},{"@type":"BreadcrumbList","@id":"https:\/\/na-bremen.de\/raumnutzung\/#breadcrumb","itemListElement":[{"@type":"ListItem","position":1,"name":"Startseite","item":"https:\/\/na-bremen.de\/"},{"@type":"ListItem","position":2,"name":"Raumnutzung"}]},{"@type":"WebSite","@id":"https:\/\/na-bremen.de\/#website","url":"https:\/\/na-bremen.de\/","name":"na&#039;","description":"neighborhood house Helen Kaisen","publisher":{"@id":"https:\/\/na-bremen.de\/#organization"},"potentialAction":[{"@type":"SearchAction","target":{"@type":"EntryPoint","urlTemplate":"https:\/\/na-bremen.de\/?s={search_term_string}"},"query-input":{"@type":"PropertyValueSpecification","valueRequired":true,"valueName":"search_term_string"}}],"inLanguage":"en-US"},{"@type":"Organization","@id":"https:\/\/na-bremen.de\/#organization","name":"Nachbarschaftshaus Helene Kaisen","alternateName":"na'","url":"https:\/\/na-bremen.de\/","logo":{"@type":"ImageObject","inLanguage":"en-US","@id":"https:\/\/na-bremen.de\/#\/schema\/logo\/image\/","url":"https:\/\/na-bremen.de\/wp-content\/uploads\/2023\/02\/logo-na.svg","contentUrl":"https:\/\/na-bremen.de\/wp-content\/uploads\/2023\/02\/logo-na.svg","width":75,"height":75,"caption":"Nachbarschaftshaus Helene Kaisen"},"image":{"@id":"https:\/\/na-bremen.de\/#\/schema\/logo\/image\/"}}]}},"_links":{"self":[{"href":"https:\/\/na-bremen.de\/en\/wp-json\/wp\/v2\/pages\/603","targetHints":{"allow":["GET"]}}],"collection":[{"href":"https:\/\/na-bremen.de\/en\/wp-json\/wp\/v2\/pages"}],"about":[{"href":"https:\/\/na-bremen.de\/en\/wp-json\/wp\/v2\/types\/page"}],"author":[{"embeddable":true,"href":"https:\/\/na-bremen.de\/en\/wp-json\/wp\/v2\/users\/1"}],"replies":[{"embeddable":true,"href":"https:\/\/na-bremen.de\/en\/wp-json\/wp\/v2\/comments?post=603"}],"version-history":[{"count":1,"href":"https:\/\/na-bremen.de\/en\/wp-json\/wp\/v2\/pages\/603\/revisions"}],"predecessor-version":[{"id":2858,"href":"https:\/\/na-bremen.de\/en\/wp-json\/wp\/v2\/pages\/603\/revisions\/2858"}],"wp:attachment":[{"href":"https:\/\/na-bremen.de\/en\/wp-json\/wp\/v2\/media?parent=603"}],"curies":[{"name":"wp","href":"https:\/\/api.w.org\/{rel}","templated":true}]}}