{"id":1158,"date":"2023-09-05T15:01:51","date_gmt":"2023-09-05T13:01:51","guid":{"rendered":"https:\/\/na-bremen.de\/?post_type=tribe_events&#038;p=1158"},"modified":"2024-06-04T14:00:02","modified_gmt":"2024-06-04T12:00:02","slug":"kino-im-na-the-lady-in-the-van","status":"publish","type":"tribe_events","link":"https:\/\/na-bremen.de\/en\/veranstaltungen-groepelingen\/kino-im-na-the-lady-in-the-van\/","title":{"rendered":"Kino im na\u00b4 &#8211; The Lady in the Van"},"content":{"rendered":"<div  class=\"tribe-events-schedule tribe-clearfix\" >\n\t<p class=\"tribe-events-schedule__datetime\">\n\t\t<span class=\"tribe-events-schedule__date tribe-events-schedule__date--start\">\n\t\t\t7. September 2024\t\t<\/span>\n\n\t\t\t\t\t<span class=\"tribe-events-schedule__separator tribe-events-schedule__separator--date\">\n\t\t\t\t  \t\t\t<\/span>\n\t\t\t<span class=\"tribe-events-schedule__time tribe-events-schedule__time--start\">\n\t\t\t\t15:00\t\t\t<\/span>\n\t\t\n\t\t\t\t\t\t\t\t\t<span class=\"tribe-events-schedule__separator tribe-events-schedule__separator--time\">\n\t\t\t\t\t &#8211; \t\t\t\t<\/span>\n\t\t\t\n\t\t\t\t\t\t\t<span class=\"tribe-events-schedule__time tribe-events-schedule__time--end\">\n\t\t\t\t\t18:00\t\t\t\t<\/span>\n\t\t\t\n\t\t\t\t\t\t<\/p>\n<\/div>\n\n\n\n<p><br>Der Film basiert auf der wahren Geschichte von Alan Bennett, in dessen Londoner Auffahrt Miss Shepherd, eine exzentrische obdachlose Frau, \u201evor\u00fcbergehend\u201c ihren Van parkte und f\u00fcr 15 Jahre wohnen blieb. Diese Begegnung, die als widerwillig gew\u00e4hrter Gefallen begann, entwickelte sich zu einer innigen Freundschaft, die die Leben der beiden f\u00fcr immer ver\u00e4nderte.<\/p>\n\n\n\n<p>Dauer: 104 Minuten, FSK 6<br>Wir bitten um Anmeldung unter 0421 69 14 58<\/p>\n\n\n\n<p><\/p>\n\n\n<div  class=\"tribe-block tribe-block__event-price\" >\n\t\t\t<span class=\"tribe-block__event-price__cost\"> 3,00\u20ac <\/span>\n\t\t<\/div>\n\n\n\n\n<div  class=\"tribe-block tribe-block__venue tribe-clearfix\" >\n\t\n\t\n<div class=\"tribe-block__venue__meta\">\n\t<div class=\"tribe-block__venue__name\">\n\t\t<h3>Nachbarschaftshaus Helene Kaisen<\/h3>\n\t<\/div>\n\n\t\n\t\t\t\t\t\t<address class=\"tribe-block__venue__address\">\n\t\t\t\t<span class=\"tribe-address\">\n\n<span class=\"tribe-street-address\">Beim Ohlenhof 10<\/span>\n\t\t<span class=\"tribe-postal-code\"><br>28239<\/span>\n\t\t\n\t\t<span class=\"tribe-locality\">Bremen<\/span><span class=\"tribe-delimiter\"><\/span>\n\n<\/span>\n\n\t\t\t\t\t\t\t<\/address>\n\t\t\n\t\t\t\t\t<span class=\"tribe-block__venue__phone\">0421 \/ 69 145 80<\/span><br \/>\n\t\t\n\t\t\t\n\t<\/div>\n\t\n\t<\/div>\n\n\n\n\n\t<div  class=\"tribe-block tribe-block__events-link\" >\n\t\t<div class=\"tribe-events tribe-common\">\n\t\t\t<div class=\"tribe-events-c-subscribe-dropdown__container\">\n\t\t\t\t<div class=\"tribe-events-c-subscribe-dropdown\">\n\t\t\t\t\t<div class=\"tribe-common-c-btn-border tribe-events-c-subscribe-dropdown__button\">\n\t\t\t\t\t\t<svg\n\t class=\"tribe-common-c-svgicon tribe-common-c-svgicon--cal-export tribe-events-c-subscribe-dropdown__export-icon\" \taria-hidden=\"true\"\n\tviewBox=\"0 0 23 17\"\n\txmlns=\"http:\/\/www.w3.org\/2000\/svg\"\n>\n\t<path fill-rule=\"evenodd\" clip-rule=\"evenodd\" d=\"M.128.896V16.13c0 .211.145.383.323.383h15.354c.179 0 .323-.172.323-.383V.896c0-.212-.144-.383-.323-.383H.451C.273.513.128.684.128.896Zm16 6.742h-.901V4.679H1.009v10.729h14.218v-3.336h.901V7.638ZM1.01 1.614h14.218v2.058H1.009V1.614Z\" \/>\n\t<path d=\"M20.5 9.846H8.312M18.524 6.953l2.89 2.909-2.855 2.855\" stroke-width=\"1.2\" stroke-linecap=\"round\" stroke-linejoin=\"round\"\/>\n<\/svg>\n\t\t\t\t\t\t<button\n\t\t\t\t\t\t\tclass=\"tribe-events-c-subscribe-dropdown__button-text\"\n\t\t\t\t\t\t\taria-expanded=\"false\"\n\t\t\t\t\t\t\taria-controls=\"tribe-events-subscribe-dropdown-content\"\n\t\t\t\t\t\t\taria-label=\"View links to add events to your calendar\"\n\t\t\t\t\t\t>\n\t\t\t\t\t\t\tAdd to calendar\t\t\t\t\t\t<\/button>\n\t\t\t\t\t\t<svg\n\t class=\"tribe-common-c-svgicon tribe-common-c-svgicon--caret-down tribe-events-c-subscribe-dropdown__button-icon\" \taria-hidden=\"true\"\n\tviewBox=\"0 0 10 7\"\n\txmlns=\"http:\/\/www.w3.org\/2000\/svg\"\n>\n\t<path fill-rule=\"evenodd\" clip-rule=\"evenodd\" d=\"M1.008.609L5 4.6 8.992.61l.958.958L5 6.517.05 1.566l.958-.958z\" class=\"tribe-common-c-svgicon__svg-fill\"\/>\n<\/svg>\n\t\t\t\t\t<\/div>\n\t\t\t\t\t<div id=\"tribe-events-subscribe-dropdown-content\" class=\"tribe-events-c-subscribe-dropdown__content\">\n\t\t\t\t\t\t<ul class=\"tribe-events-c-subscribe-dropdown__list\">\n\t\t\t\t\t\t\t\t\t\t\t\t\t\t\t<li class=\"tribe-events-c-subscribe-dropdown__list-item tribe-events-c-subscribe-dropdown__list-item--gcal\">\n\t\t\t\t\t\t\t\t\t<a\n\t\t\t\t\t\t\t\t\t\thref=\"https:\/\/www.google.com\/calendar\/event?action=TEMPLATE&#038;dates=20240907T150000\/20240907T180000&#038;text=Kino%20im%20na%C2%B4%20%26%238211%3B%20The%20Lady%20in%20the%20Van&#038;details=%3Cp%3E%3Cbr%3EDer+Film+basiert+auf+der+wahren+Geschichte+von+Alan+Bennett%2C+in+dessen+Londoner+Auffahrt+Miss+Shepherd%2C+eine+exzentrische+obdachlose+Frau%2C+%E2%80%9Evor%C3%BCbergehend%E2%80%9C+ihren+Van+parkte+und+f%C3%BCr+15+Jahre+wohnen+blieb.+Diese+Begegnung%2C+die+als+widerwillig+gew%C3%A4hrter+Gefallen+begann%2C+entwickelte+sich+zu+einer+innigen+Freundschaft%2C+die+die+Leben+der+beiden+f%C3%BCr+immer+ver%C3%A4nderte.%3C%2Fp%3E+%3Cp%3EDauer%3A+104+Minuten%2C+FSK+6%3Cbr%3EWir+bitten+um+Anmeldung+unter+0421+69+14+58%3C%2Fp%3E+%3Cp%3E%3C%2Fp%3E+&#038;location=Nachbarschaftshaus%20Helene%20Kaisen,%20Beim%20Ohlenhof%2010,%20Bremen,%2028239,%20Germany&#038;trp=false&#038;ctz=Europe\/Berlin&#038;sprop=website:https:\/\/na-bremen.de\/en\"\n\t\t\t\t\t\t\t\t\t\tclass=\"tribe-events-c-subscribe-dropdown__list-item-link\"\n\t\t\t\t\t\t\t\t\t\ttarget=\"_blank\"\n\t\t\t\t\t\t\t\t\t\trel=\"noopener noreferrer nofollow noindex\"\n\t\t\t\t\t\t\t\t\t>\n\t\t\t\t\t\t\t\t\t\tGoogle Calendar\t\t\t\t\t\t\t\t\t<\/a>\n\t\t\t\t\t\t\t\t<\/li>\n\t\t\t\t\t\t\t\t\t\t\t\t\t\t\t<li class=\"tribe-events-c-subscribe-dropdown__list-item tribe-events-c-subscribe-dropdown__list-item--ical\">\n\t\t\t\t\t\t\t\t\t<a\n\t\t\t\t\t\t\t\t\t\thref=\"\"\n\t\t\t\t\t\t\t\t\t\tclass=\"tribe-events-c-subscribe-dropdown__list-item-link\"\n\t\t\t\t\t\t\t\t\t\ttarget=\"_blank\"\n\t\t\t\t\t\t\t\t\t\trel=\"noopener noreferrer nofollow noindex\"\n\t\t\t\t\t\t\t\t\t>\n\t\t\t\t\t\t\t\t\t\tiCalendar\t\t\t\t\t\t\t\t\t<\/a>\n\t\t\t\t\t\t\t\t<\/li>\n\t\t\t\t\t\t\t\t\t\t\t\t\t\t\t<li class=\"tribe-events-c-subscribe-dropdown__list-item tribe-events-c-subscribe-dropdown__list-item--outlook-365\">\n\t\t\t\t\t\t\t\t\t<a\n\t\t\t\t\t\t\t\t\t\thref=\"\"\n\t\t\t\t\t\t\t\t\t\tclass=\"tribe-events-c-subscribe-dropdown__list-item-link\"\n\t\t\t\t\t\t\t\t\t\ttarget=\"_blank\"\n\t\t\t\t\t\t\t\t\t\trel=\"noopener noreferrer nofollow noindex\"\n\t\t\t\t\t\t\t\t\t>\n\t\t\t\t\t\t\t\t\t\tOutlook 365\t\t\t\t\t\t\t\t\t<\/a>\n\t\t\t\t\t\t\t\t<\/li>\n\t\t\t\t\t\t\t\t\t\t\t\t\t\t\t<li class=\"tribe-events-c-subscribe-dropdown__list-item tribe-events-c-subscribe-dropdown__list-item--outlook-live\">\n\t\t\t\t\t\t\t\t\t<a\n\t\t\t\t\t\t\t\t\t\thref=\"\"\n\t\t\t\t\t\t\t\t\t\tclass=\"tribe-events-c-subscribe-dropdown__list-item-link\"\n\t\t\t\t\t\t\t\t\t\ttarget=\"_blank\"\n\t\t\t\t\t\t\t\t\t\trel=\"noopener noreferrer nofollow noindex\"\n\t\t\t\t\t\t\t\t\t>\n\t\t\t\t\t\t\t\t\t\tOutlook Live\t\t\t\t\t\t\t\t\t<\/a>\n\t\t\t\t\t\t\t\t<\/li>\n\t\t\t\t\t\t\t\t\t\t\t\t\t<\/ul>\n\t\t\t\t\t<\/div>\n\t\t\t\t<\/div>\n\t\t\t<\/div>\n\t\t<\/div>\n\t<\/div>\n\n","protected":false},"excerpt":{"rendered":"<p>Kino im na\u00b4auf gro\u00dfer Leinwand.<\/p>\n","protected":false},"author":2,"featured_media":1159,"template":"","meta":{"_EventAllDay":false,"_EventTimezone":"Europe\/Berlin","_EventStartDate":"2024-09-07 15:00:00","_EventEndDate":"2024-09-07 18:00:00","_EventStartDateUTC":"2024-09-07 13:00:00","_EventEndDateUTC":"2024-09-07 16:00:00","_EventShowMap":false,"_EventShowMapLink":false,"_EventURL":"","_EventCost":"3,00","_EventCostDescription":"","_EventCurrencySymbol":"\u20ac","_EventCurrencyCode":"USD","_EventCurrencyPosition":"suffix","_EventDateTimeSeparator":"  ","_EventTimeRangeSeparator":" - ","_EventOrganizerID":[],"_EventVenueID":[610],"_OrganizerEmail":"","_OrganizerPhone":"","_OrganizerWebsite":"","_VenueAddress":"","_VenueCity":"","_VenueCountry":"","_VenueProvince":"","_VenueState":"","_VenueZip":"","_VenuePhone":"","_VenueURL":"","_VenueStateProvince":"","_VenueLat":"","_VenueLng":"","_VenueShowMap":false,"_VenueShowMapLink":false,"_tribe_events_status":"","_tribe_events_status_reason":"","footnotes":""},"tags":[],"tribe_events_cat":[9],"class_list":["post-1158","tribe_events","type-tribe_events","status-publish","has-post-thumbnail","hentry","tribe_events_cat-veranstaltungen-na","cat_veranstaltungen-na"],"translation":{"provider":"WPGlobus","version":"3.0.2","language":"en","enabled_languages":["de","en"],"languages":{"de":{"title":true,"content":true,"excerpt":true},"en":{"title":false,"content":false,"excerpt":false}}},"yoast_head":"<!-- This site is optimized with the Yoast SEO plugin v27.2 - https:\/\/yoast.com\/product\/yoast-seo-wordpress\/ -->\n<title>Kino im na\u00b4 - The Lady in the Van - na&#039;<\/title>\n<meta name=\"robots\" content=\"index, follow, max-snippet:-1, max-image-preview:large, max-video-preview:-1\" \/>\n<link rel=\"canonical\" href=\"https:\/\/na-bremen.de\/veranstaltung\/kino-im-na-the-lady-in-the-van\/\" \/>\n<meta property=\"og:locale\" content=\"en_US\" \/>\n<meta property=\"og:type\" content=\"article\" \/>\n<meta property=\"og:title\" content=\"Kino im na\u00b4 - The Lady in the Van - na&#039;\" \/>\n<meta property=\"og:url\" content=\"https:\/\/na-bremen.de\/veranstaltung\/kino-im-na-the-lady-in-the-van\/\" \/>\n<meta property=\"og:site_name\" content=\"na&#039;\" \/>\n<meta property=\"article:modified_time\" content=\"2024-06-04T12:00:02+00:00\" \/>\n<meta property=\"og:image\" content=\"https:\/\/na-bremen.de\/wp-content\/uploads\/2023\/09\/FIlmplakat-quer.jpeg\" \/>\n\t<meta property=\"og:image:width\" content=\"800\" \/>\n\t<meta property=\"og:image:height\" content=\"600\" \/>\n\t<meta property=\"og:image:type\" content=\"image\/jpeg\" \/>\n<meta name=\"twitter:card\" content=\"summary_large_image\" \/>\n<meta name=\"twitter:label1\" content=\"Est. reading time\" \/>\n\t<meta name=\"twitter:data1\" content=\"1 minute\" \/>\n<script type=\"application\/ld+json\" class=\"yoast-schema-graph\">{\"@context\":\"https:\/\/schema.org\",\"@graph\":[{\"@type\":\"WebPage\",\"@id\":\"https:\/\/na-bremen.de\/veranstaltung\/kino-im-na-the-lady-in-the-van\/\",\"url\":\"https:\/\/na-bremen.de\/veranstaltung\/kino-im-na-the-lady-in-the-van\/\",\"name\":\"Kino im na\u00b4 - The Lady in the Van - na&#039;\",\"isPartOf\":{\"@id\":\"https:\/\/na-bremen.de\/#website\"},\"primaryImageOfPage\":{\"@id\":\"https:\/\/na-bremen.de\/veranstaltung\/kino-im-na-the-lady-in-the-van\/#primaryimage\"},\"image\":{\"@id\":\"https:\/\/na-bremen.de\/veranstaltung\/kino-im-na-the-lady-in-the-van\/#primaryimage\"},\"thumbnailUrl\":\"https:\/\/na-bremen.de\/wp-content\/uploads\/2023\/09\/FIlmplakat-quer.jpeg\",\"datePublished\":\"2023-09-05T13:01:51+00:00\",\"dateModified\":\"2024-06-04T12:00:02+00:00\",\"description\":\"Entdecke alle Veranstaltungen in Gr\u00f6pelingen im Nachbarschaftshaus Bremen \u2013 vom Kulturprogramm bis zu lokalen Events. Finde spannende Aktivit\u00e4ten und verpasse nichts!\",\"breadcrumb\":{\"@id\":\"https:\/\/na-bremen.de\/veranstaltung\/kino-im-na-the-lady-in-the-van\/#breadcrumb\"},\"inLanguage\":\"en-US\",\"potentialAction\":[{\"@type\":\"ReadAction\",\"target\":[\"https:\/\/na-bremen.de\/veranstaltung\/kino-im-na-the-lady-in-the-van\/\"]}]},{\"@type\":\"ImageObject\",\"inLanguage\":\"en-US\",\"@id\":\"https:\/\/na-bremen.de\/veranstaltung\/kino-im-na-the-lady-in-the-van\/#primaryimage\",\"url\":\"https:\/\/na-bremen.de\/wp-content\/uploads\/2023\/09\/FIlmplakat-quer.jpeg\",\"contentUrl\":\"https:\/\/na-bremen.de\/wp-content\/uploads\/2023\/09\/FIlmplakat-quer.jpeg\",\"width\":800,\"height\":600},{\"@type\":\"BreadcrumbList\",\"@id\":\"https:\/\/na-bremen.de\/veranstaltung\/kino-im-na-the-lady-in-the-van\/#breadcrumb\",\"itemListElement\":[{\"@type\":\"ListItem\",\"position\":1,\"name\":\"Startseite\",\"item\":\"https:\/\/na-bremen.de\/\"},{\"@type\":\"ListItem\",\"position\":2,\"name\":\"Veranstaltungen\",\"item\":\"https:\/\/na-bremen.de\/veranstaltungen-groepelingen\/\"},{\"@type\":\"ListItem\",\"position\":3,\"name\":\"Kino im na\u00b4 &#8211; The Lady in the Van\"}]},{\"@type\":\"WebSite\",\"@id\":\"https:\/\/na-bremen.de\/#website\",\"url\":\"https:\/\/na-bremen.de\/\",\"name\":\"na&#039;\",\"description\":\"neighborhood house Helen Kaisen\",\"publisher\":{\"@id\":\"https:\/\/na-bremen.de\/#organization\"},\"potentialAction\":[{\"@type\":\"SearchAction\",\"target\":{\"@type\":\"EntryPoint\",\"urlTemplate\":\"https:\/\/na-bremen.de\/?s={search_term_string}\"},\"query-input\":{\"@type\":\"PropertyValueSpecification\",\"valueRequired\":true,\"valueName\":\"search_term_string\"}}],\"inLanguage\":\"en-US\"},{\"@type\":\"Organization\",\"@id\":\"https:\/\/na-bremen.de\/#organization\",\"name\":\"Nachbarschaftshaus Helene Kaisen\",\"alternateName\":\"na'\",\"url\":\"https:\/\/na-bremen.de\/\",\"logo\":{\"@type\":\"ImageObject\",\"inLanguage\":\"en-US\",\"@id\":\"https:\/\/na-bremen.de\/#\/schema\/logo\/image\/\",\"url\":\"https:\/\/na-bremen.de\/wp-content\/uploads\/2023\/02\/logo-na.svg\",\"contentUrl\":\"https:\/\/na-bremen.de\/wp-content\/uploads\/2023\/02\/logo-na.svg\",\"width\":75,\"height\":75,\"caption\":\"Nachbarschaftshaus Helene Kaisen\"},\"image\":{\"@id\":\"https:\/\/na-bremen.de\/#\/schema\/logo\/image\/\"}}]}<\/script>\n<!-- \/ Yoast SEO plugin. -->","yoast_head_json":{"title":"Kino im na\u00b4 - The Lady in the Van - na&#039;","robots":{"index":"index","follow":"follow","max-snippet":"max-snippet:-1","max-image-preview":"max-image-preview:large","max-video-preview":"max-video-preview:-1"},"canonical":"https:\/\/na-bremen.de\/veranstaltung\/kino-im-na-the-lady-in-the-van\/","og_locale":"en_US","og_type":"article","og_title":"Kino im na\u00b4 - The Lady in the Van - na&#039;","og_url":"https:\/\/na-bremen.de\/veranstaltung\/kino-im-na-the-lady-in-the-van\/","og_site_name":"na&#039;","article_modified_time":"2024-06-04T12:00:02+00:00","og_image":[{"width":800,"height":600,"url":"https:\/\/na-bremen.de\/wp-content\/uploads\/2023\/09\/FIlmplakat-quer.jpeg","type":"image\/jpeg"}],"twitter_card":"summary_large_image","twitter_misc":{"Est. reading time":"1 minute"},"schema":{"@context":"https:\/\/schema.org","@graph":[{"@type":"WebPage","@id":"https:\/\/na-bremen.de\/veranstaltung\/kino-im-na-the-lady-in-the-van\/","url":"https:\/\/na-bremen.de\/veranstaltung\/kino-im-na-the-lady-in-the-van\/","name":"Kino im na\u00b4 - The Lady in the Van - na&#039;","isPartOf":{"@id":"https:\/\/na-bremen.de\/#website"},"primaryImageOfPage":{"@id":"https:\/\/na-bremen.de\/veranstaltung\/kino-im-na-the-lady-in-the-van\/#primaryimage"},"image":{"@id":"https:\/\/na-bremen.de\/veranstaltung\/kino-im-na-the-lady-in-the-van\/#primaryimage"},"thumbnailUrl":"https:\/\/na-bremen.de\/wp-content\/uploads\/2023\/09\/FIlmplakat-quer.jpeg","datePublished":"2023-09-05T13:01:51+00:00","dateModified":"2024-06-04T12:00:02+00:00","description":"Entdecke alle Veranstaltungen in Gr\u00f6pelingen im Nachbarschaftshaus Bremen \u2013 vom Kulturprogramm bis zu lokalen Events. Finde spannende Aktivit\u00e4ten und verpasse nichts!","breadcrumb":{"@id":"https:\/\/na-bremen.de\/veranstaltung\/kino-im-na-the-lady-in-the-van\/#breadcrumb"},"inLanguage":"en-US","potentialAction":[{"@type":"ReadAction","target":["https:\/\/na-bremen.de\/veranstaltung\/kino-im-na-the-lady-in-the-van\/"]}]},{"@type":"ImageObject","inLanguage":"en-US","@id":"https:\/\/na-bremen.de\/veranstaltung\/kino-im-na-the-lady-in-the-van\/#primaryimage","url":"https:\/\/na-bremen.de\/wp-content\/uploads\/2023\/09\/FIlmplakat-quer.jpeg","contentUrl":"https:\/\/na-bremen.de\/wp-content\/uploads\/2023\/09\/FIlmplakat-quer.jpeg","width":800,"height":600},{"@type":"BreadcrumbList","@id":"https:\/\/na-bremen.de\/veranstaltung\/kino-im-na-the-lady-in-the-van\/#breadcrumb","itemListElement":[{"@type":"ListItem","position":1,"name":"Startseite","item":"https:\/\/na-bremen.de\/"},{"@type":"ListItem","position":2,"name":"Veranstaltungen","item":"https:\/\/na-bremen.de\/veranstaltungen-groepelingen\/"},{"@type":"ListItem","position":3,"name":"Kino im na\u00b4 &#8211; The Lady in the Van"}]},{"@type":"WebSite","@id":"https:\/\/na-bremen.de\/#website","url":"https:\/\/na-bremen.de\/","name":"na&#039;","description":"neighborhood house Helen Kaisen","publisher":{"@id":"https:\/\/na-bremen.de\/#organization"},"potentialAction":[{"@type":"SearchAction","target":{"@type":"EntryPoint","urlTemplate":"https:\/\/na-bremen.de\/?s={search_term_string}"},"query-input":{"@type":"PropertyValueSpecification","valueRequired":true,"valueName":"search_term_string"}}],"inLanguage":"en-US"},{"@type":"Organization","@id":"https:\/\/na-bremen.de\/#organization","name":"Nachbarschaftshaus Helene Kaisen","alternateName":"na'","url":"https:\/\/na-bremen.de\/","logo":{"@type":"ImageObject","inLanguage":"en-US","@id":"https:\/\/na-bremen.de\/#\/schema\/logo\/image\/","url":"https:\/\/na-bremen.de\/wp-content\/uploads\/2023\/02\/logo-na.svg","contentUrl":"https:\/\/na-bremen.de\/wp-content\/uploads\/2023\/02\/logo-na.svg","width":75,"height":75,"caption":"Nachbarschaftshaus Helene Kaisen"},"image":{"@id":"https:\/\/na-bremen.de\/#\/schema\/logo\/image\/"}}]}},"_links":{"self":[{"href":"https:\/\/na-bremen.de\/en\/wp-json\/wp\/v2\/tribe_events\/1158","targetHints":{"allow":["GET"]}}],"collection":[{"href":"https:\/\/na-bremen.de\/en\/wp-json\/wp\/v2\/tribe_events"}],"about":[{"href":"https:\/\/na-bremen.de\/en\/wp-json\/wp\/v2\/types\/tribe_events"}],"author":[{"embeddable":true,"href":"https:\/\/na-bremen.de\/en\/wp-json\/wp\/v2\/users\/2"}],"version-history":[{"count":1,"href":"https:\/\/na-bremen.de\/en\/wp-json\/wp\/v2\/tribe_events\/1158\/revisions"}],"predecessor-version":[{"id":1993,"href":"https:\/\/na-bremen.de\/en\/wp-json\/wp\/v2\/tribe_events\/1158\/revisions\/1993"}],"wp:featuredmedia":[{"embeddable":true,"href":"https:\/\/na-bremen.de\/en\/wp-json\/wp\/v2\/media\/1159"}],"wp:attachment":[{"href":"https:\/\/na-bremen.de\/en\/wp-json\/wp\/v2\/media?parent=1158"}],"wp:term":[{"taxonomy":"post_tag","embeddable":true,"href":"https:\/\/na-bremen.de\/en\/wp-json\/wp\/v2\/tags?post=1158"},{"taxonomy":"tribe_events_cat","embeddable":true,"href":"https:\/\/na-bremen.de\/en\/wp-json\/wp\/v2\/tribe_events_cat?post=1158"}],"curies":[{"name":"wp","href":"https:\/\/api.w.org\/{rel}","templated":true}]}}